{"version":"1.0","provider_name":"Slovenski dom in Svet slovenske nacionalne manj\u0161ine Mesta Zagreb","provider_url":"http:\/\/tmp.warp-poligon.info\/si","author_name":"agata","author_url":"http:\/\/tmp.warp-poligon.info\/si\/author\/agata\/","title":"Najve\u010dji slovenski pesnik v Hi\u0161i \u0160enoa | Slovenski dom in Svet slovenske nacionalne manj\u0161ine Mesta Zagreb","type":"rich","width":600,"height":338,"html":"<blockquote class=\"wp-embedded-content\" data-secret=\"iypX9CwFCp\"><a href=\"http:\/\/tmp.warp-poligon.info\/si\/najvecji-slovenski-pesnik-v-hisi-senoa\/\">Najve\u010dji slovenski pesnik v Hi\u0161i \u0160enoa<\/a><\/blockquote><iframe sandbox=\"allow-scripts\" security=\"restricted\" src=\"http:\/\/tmp.warp-poligon.info\/si\/najvecji-slovenski-pesnik-v-hisi-senoa\/embed\/#?secret=iypX9CwFCp\" width=\"600\" height=\"338\" title=\"&#8220;Najve\u010dji slovenski pesnik v Hi\u0161i \u0160enoa&#8221; &#8212; Slovenski dom in Svet slovenske nacionalne manj\u0161ine Mesta Zagreb\" data-secret=\"iypX9CwFCp\" frameborder=\"0\" marginwidth=\"0\" marginheight=\"0\" scrolling=\"no\" class=\"wp-embedded-content\"><\/iframe><script type=\"text\/javascript\">\n\/* <![CDATA[ *\/\n\/*! This file is auto-generated *\/\n!function(d,l){\"use strict\";l.querySelector&&d.addEventListener&&\"undefined\"!=typeof URL&&(d.wp=d.wp||{},d.wp.receiveEmbedMessage||(d.wp.receiveEmbedMessage=function(e){var t=e.data;if((t||t.secret||t.message||t.value)&&!\/[^a-zA-Z0-9]\/.test(t.secret)){for(var s,r,n,a=l.querySelectorAll('iframe[data-secret=\"'+t.secret+'\"]'),o=l.querySelectorAll('blockquote[data-secret=\"'+t.secret+'\"]'),c=new RegExp(\"^https?:$\",\"i\"),i=0;i<o.length;i++)o[i].style.display=\"none\";for(i=0;i<a.length;i++)s=a[i],e.source===s.contentWindow&&(s.removeAttribute(\"style\"),\"height\"===t.message?(1e3<(r=parseInt(t.value,10))?r=1e3:~~r<200&&(r=200),s.height=r):\"link\"===t.message&&(r=new URL(s.getAttribute(\"src\")),n=new URL(t.value),c.test(n.protocol))&&n.host===r.host&&l.activeElement===s&&(d.top.location.href=t.value))}},d.addEventListener(\"message\",d.wp.receiveEmbedMessage,!1),l.addEventListener(\"DOMContentLoaded\",function(){for(var e,t,s=l.querySelectorAll(\"iframe.wp-embedded-content\"),r=0;r<s.length;r++)(t=(e=s[r]).getAttribute(\"data-secret\"))||(t=Math.random().toString(36).substring(2,12),e.src+=\"#?secret=\"+t,e.setAttribute(\"data-secret\",t)),e.contentWindow.postMessage({message:\"ready\",secret:t},\"*\")},!1)))}(window,document);\n\/* ]]> *\/\n<\/script>\n","thumbnail_url":"http:\/\/tmp.warp-poligon.info\/si\/wp-content\/uploads\/sites\/2\/2019\/02\/presernov-dan-n-1.png","thumbnail_width":767,"thumbnail_height":512,"description":"Zagreb - Na predve\u010der slovenskega kulturnega praznika \u2013 Pre\u0161ernovega dne je v Hi\u0161i \u0160enoa potekal pogovorni ve\u010der o Francetu Pre\u0161ernu, Nagelj s Pre\u0161ernovega groba. O najve\u010djem slovenskem pesniku sta se pogovarjala dr. Marijan Dovi\u0107, literarni zgodovinar, vi\u0161ji znanstveni sodelavec in izredni profesor na In\u0161titutu za slovensko literaturo in literarne vede ZRC SAZU in Zvonko Kova\u010d, redni profesor na Filozofski fakulteti v Zagrebu, s Katedre za slovenski jezik in knji\u017eevnost. Tema pogovora je bil tudi velikan hrva\u0161ke literature August \u0160enoa, ki je v povesti Nagelj s pesnikovega groba opisal svoje obiske Gorenjske, v drugi polovici 19. Stoletja, ko sta s prijateljem obiskala tudi Pre\u0161ernov grob v Kranju. Takrat se je \u0160enoa sre\u010dal s Pre\u0161ernovimi Poezijami in se navdu\u0161il nad slovenskim pesnikom. Beseda je tekla tudi o drugih slovenskih in hrva\u0161kih knji\u017eevnikih in o slovenskih knji\u017eevnikih, ki so pustili sled v hrva\u0161ki knji\u017eevnosti. \u0160tevilne obiskovalce so nagovorili predsednik HAZU Velimir Neidhardt, knji\u017eevnik in redni \u010dlan Razreda za knji\u017eevnost HAZU Pavao Pavli\u010di\u0107, slovenska veleposlanica na Hrva\u0161kem Smiljana Knez in naslednica in varuhinja dedi\u0161\u010dine Augusta \u0160enoe in njegove dru\u017eine Jasmina Reis. (akm)"}