{"version":"1.0","provider_name":"Slovenski dom in Svet slovenske nacionalne manj\u0161ine Mesta Zagreb","provider_url":"http:\/\/tmp.warp-poligon.info\/si","author_name":"agata","author_url":"http:\/\/tmp.warp-poligon.info\/si\/author\/agata\/","title":"Ple\u010dnikovo leto - poklon velikanu slovenske arhitekture | Slovenski dom in Svet slovenske nacionalne manj\u0161ine Mesta Zagreb","type":"rich","width":600,"height":338,"html":"<blockquote class=\"wp-embedded-content\" data-secret=\"EBLalGCoje\"><a href=\"http:\/\/tmp.warp-poligon.info\/si\/plecnikovo-leto-poklon-velikanu-slovenske-arhitekture\/\">Ple\u010dnikovo leto &#8211; poklon velikanu slovenske arhitekture<\/a><\/blockquote><iframe sandbox=\"allow-scripts\" security=\"restricted\" src=\"http:\/\/tmp.warp-poligon.info\/si\/plecnikovo-leto-poklon-velikanu-slovenske-arhitekture\/embed\/#?secret=EBLalGCoje\" width=\"600\" height=\"338\" title=\"&#8220;Ple\u010dnikovo leto &#8211; poklon velikanu slovenske arhitekture&#8221; &#8212; Slovenski dom in Svet slovenske nacionalne manj\u0161ine Mesta Zagreb\" data-secret=\"EBLalGCoje\" frameborder=\"0\" marginwidth=\"0\" marginheight=\"0\" scrolling=\"no\" class=\"wp-embedded-content\"><\/iframe><script type=\"text\/javascript\">\n\/* <![CDATA[ *\/\n\/*! This file is auto-generated *\/\n!function(d,l){\"use strict\";l.querySelector&&d.addEventListener&&\"undefined\"!=typeof URL&&(d.wp=d.wp||{},d.wp.receiveEmbedMessage||(d.wp.receiveEmbedMessage=function(e){var t=e.data;if((t||t.secret||t.message||t.value)&&!\/[^a-zA-Z0-9]\/.test(t.secret)){for(var s,r,n,a=l.querySelectorAll('iframe[data-secret=\"'+t.secret+'\"]'),o=l.querySelectorAll('blockquote[data-secret=\"'+t.secret+'\"]'),c=new RegExp(\"^https?:$\",\"i\"),i=0;i<o.length;i++)o[i].style.display=\"none\";for(i=0;i<a.length;i++)s=a[i],e.source===s.contentWindow&&(s.removeAttribute(\"style\"),\"height\"===t.message?(1e3<(r=parseInt(t.value,10))?r=1e3:~~r<200&&(r=200),s.height=r):\"link\"===t.message&&(r=new URL(s.getAttribute(\"src\")),n=new URL(t.value),c.test(n.protocol))&&n.host===r.host&&l.activeElement===s&&(d.top.location.href=t.value))}},d.addEventListener(\"message\",d.wp.receiveEmbedMessage,!1),l.addEventListener(\"DOMContentLoaded\",function(){for(var e,t,s=l.querySelectorAll(\"iframe.wp-embedded-content\"),r=0;r<s.length;r++)(t=(e=s[r]).getAttribute(\"data-secret\"))||(t=Math.random().toString(36).substring(2,12),e.src+=\"#?secret=\"+t,e.setAttribute(\"data-secret\",t)),e.contentWindow.postMessage({message:\"ready\",secret:t},\"*\")},!1)))}(window,document);\n\/* ]]> *\/\n<\/script>\n","thumbnail_url":"http:\/\/tmp.warp-poligon.info\/si\/wp-content\/uploads\/sites\/2\/2017\/06\/Plecnik-potpis_w.jpg","thumbnail_width":700,"thumbnail_height":466,"description":"V Zagrebu se je osrednji dogodek v Ple\u010dnikovem letu odvil junija v cerkvi Matere Bo\u017eje Lur\u0161ke, z ma\u0161o, predstavitvijo knjige in razstavo. Slovesnosti v organizaciji Slovenskega doma, Sveta slovenske narodne manj\u0161ine Mesta Zagreb in slovenskega veleposlani\u0161tva se bodo nadaljevale jeseni. Prizori\u0161\u010de junijske slovesnosti, na kateri se je zbralo veliko \u010dlanov slovenske skupnosti na Hrva\u0161kem in [&hellip;]"}