{"version":"1.0","provider_name":"Slovenski dom in Svet slovenske nacionalne manj\u0161ine Mesta Zagreb","provider_url":"http:\/\/tmp.warp-poligon.info\/si","author_name":"agata","author_url":"http:\/\/tmp.warp-poligon.info\/si\/author\/agata\/","title":"Proslava dneva reformacije s filmom \u00bbRodoljub Ilirski\u00ab | Slovenski dom in Svet slovenske nacionalne manj\u0161ine Mesta Zagreb","type":"rich","width":600,"height":338,"html":"<blockquote class=\"wp-embedded-content\" data-secret=\"PQNxQqXEyc\"><a href=\"http:\/\/tmp.warp-poligon.info\/si\/proslava-dneva-reformacije-s-filmom-rodoljub-ilirski\/\">Proslava dneva reformacije s filmom \u00bbRodoljub Ilirski\u00ab<\/a><\/blockquote><iframe sandbox=\"allow-scripts\" security=\"restricted\" src=\"http:\/\/tmp.warp-poligon.info\/si\/proslava-dneva-reformacije-s-filmom-rodoljub-ilirski\/embed\/#?secret=PQNxQqXEyc\" width=\"600\" height=\"338\" title=\"&#8220;Proslava dneva reformacije s filmom \u00bbRodoljub Ilirski\u00ab&#8221; &#8212; Slovenski dom in Svet slovenske nacionalne manj\u0161ine Mesta Zagreb\" data-secret=\"PQNxQqXEyc\" frameborder=\"0\" marginwidth=\"0\" marginheight=\"0\" scrolling=\"no\" class=\"wp-embedded-content\"><\/iframe><script type=\"text\/javascript\">\n\/* <![CDATA[ *\/\n\/*! This file is auto-generated *\/\n!function(d,l){\"use strict\";l.querySelector&&d.addEventListener&&\"undefined\"!=typeof URL&&(d.wp=d.wp||{},d.wp.receiveEmbedMessage||(d.wp.receiveEmbedMessage=function(e){var t=e.data;if((t||t.secret||t.message||t.value)&&!\/[^a-zA-Z0-9]\/.test(t.secret)){for(var s,r,n,a=l.querySelectorAll('iframe[data-secret=\"'+t.secret+'\"]'),o=l.querySelectorAll('blockquote[data-secret=\"'+t.secret+'\"]'),c=new RegExp(\"^https?:$\",\"i\"),i=0;i<o.length;i++)o[i].style.display=\"none\";for(i=0;i<a.length;i++)s=a[i],e.source===s.contentWindow&&(s.removeAttribute(\"style\"),\"height\"===t.message?(1e3<(r=parseInt(t.value,10))?r=1e3:~~r<200&&(r=200),s.height=r):\"link\"===t.message&&(r=new URL(s.getAttribute(\"src\")),n=new URL(t.value),c.test(n.protocol))&&n.host===r.host&&l.activeElement===s&&(d.top.location.href=t.value))}},d.addEventListener(\"message\",d.wp.receiveEmbedMessage,!1),l.addEventListener(\"DOMContentLoaded\",function(){for(var e,t,s=l.querySelectorAll(\"iframe.wp-embedded-content\"),r=0;r<s.length;r++)(t=(e=s[r]).getAttribute(\"data-secret\"))||(t=Math.random().toString(36).substring(2,12),e.src+=\"#?secret=\"+t,e.setAttribute(\"data-secret\",t)),e.contentWindow.postMessage({message:\"ready\",secret:t},\"*\")},!1)))}(window,document);\n\/* ]]> *\/\n<\/script>\n","thumbnail_url":"http:\/\/tmp.warp-poligon.info\/si\/wp-content\/uploads\/sites\/2\/2016\/10\/Males_Miha_Primoz-Trubar.jpg","thumbnail_width":313,"thumbnail_height":417,"description":"Zagreb &#8211; 26. oktober 2016 V Slovenskem domu je ob slovenskem dr\u017eavnem prazniku dnevu reformacije 26. oktobra 2016 potekal filmski ve\u010der, na katerem so si \u0161tevilni obiskovalci, med njimi tudi veleposlanica Republike Slovenije na Hrva\u0161kem dr. Smiljana Knez in predsednik Slovenskega doma ter Sveta slovenske nacionalne manj\u0161ine Mesta Zagreb Darko \u0160onc, ogledali izjemen film \u00bbRodoljub [&hellip;]"}