{"version":"1.0","provider_name":"Slovenski dom in Svet slovenske nacionalne manj\u0161ine Mesta Zagreb","provider_url":"http:\/\/tmp.warp-poligon.info\/si","author_name":"edin.dji","author_url":"http:\/\/tmp.warp-poligon.info\/si\/author\/edin-dji\/","title":"Slovenski kulturni praznik, Zagreb\u0161ko lutkovno gledali\u0161\u010de | Slovenski dom in Svet slovenske nacionalne manj\u0161ine Mesta Zagreb","type":"rich","width":600,"height":338,"html":"<blockquote class=\"wp-embedded-content\" data-secret=\"fWssWHvUog\"><a href=\"http:\/\/tmp.warp-poligon.info\/si\/slovenski-kulturni-praznik-zagrebsko-lutkovno-gledalisce\/\">Slovenski kulturni praznik, Zagreb\u0161ko lutkovno gledali\u0161\u010de<\/a><\/blockquote><iframe sandbox=\"allow-scripts\" security=\"restricted\" src=\"http:\/\/tmp.warp-poligon.info\/si\/slovenski-kulturni-praznik-zagrebsko-lutkovno-gledalisce\/embed\/#?secret=fWssWHvUog\" width=\"600\" height=\"338\" title=\"&#8220;Slovenski kulturni praznik, Zagreb\u0161ko lutkovno gledali\u0161\u010de&#8221; &#8212; Slovenski dom in Svet slovenske nacionalne manj\u0161ine Mesta Zagreb\" data-secret=\"fWssWHvUog\" frameborder=\"0\" marginwidth=\"0\" marginheight=\"0\" scrolling=\"no\" class=\"wp-embedded-content\"><\/iframe><script type=\"text\/javascript\">\n\/* <![CDATA[ *\/\n\/*! This file is auto-generated *\/\n!function(d,l){\"use strict\";l.querySelector&&d.addEventListener&&\"undefined\"!=typeof URL&&(d.wp=d.wp||{},d.wp.receiveEmbedMessage||(d.wp.receiveEmbedMessage=function(e){var t=e.data;if((t||t.secret||t.message||t.value)&&!\/[^a-zA-Z0-9]\/.test(t.secret)){for(var s,r,n,a=l.querySelectorAll('iframe[data-secret=\"'+t.secret+'\"]'),o=l.querySelectorAll('blockquote[data-secret=\"'+t.secret+'\"]'),c=new RegExp(\"^https?:$\",\"i\"),i=0;i<o.length;i++)o[i].style.display=\"none\";for(i=0;i<a.length;i++)s=a[i],e.source===s.contentWindow&&(s.removeAttribute(\"style\"),\"height\"===t.message?(1e3<(r=parseInt(t.value,10))?r=1e3:~~r<200&&(r=200),s.height=r):\"link\"===t.message&&(r=new URL(s.getAttribute(\"src\")),n=new URL(t.value),c.test(n.protocol))&&n.host===r.host&&l.activeElement===s&&(d.top.location.href=t.value))}},d.addEventListener(\"message\",d.wp.receiveEmbedMessage,!1),l.addEventListener(\"DOMContentLoaded\",function(){for(var e,t,s=l.querySelectorAll(\"iframe.wp-embedded-content\"),r=0;r<s.length;r++)(t=(e=s[r]).getAttribute(\"data-secret\"))||(t=Math.random().toString(36).substring(2,12),e.src+=\"#?secret=\"+t,e.setAttribute(\"data-secret\",t)),e.contentWindow.postMessage({message:\"ready\",secret:t},\"*\")},!1)))}(window,document);\n\/* ]]> *\/\n<\/script>\n","thumbnail_url":"http:\/\/tmp.warp-poligon.info\/si\/wp-content\/uploads\/sites\/2\/2011\/02\/dr.France_Preseren.jpg","thumbnail_width":295,"thumbnail_height":325,"description":"Ob slovenskem kulturnem prazniku je bila sve\u010dano predstavljena dolgo pri\u010dakovana monografija Slovenski umetniki na hrva\u0161kih odrih. Napisali so jo Branko He\u0107imovi\u0107, Marija Barbieri in Henrik Neubauer. Predsednik Slovenskega doma, Zagreb in SSNM MZ Darko \u0160onc je v nagovoru ponosno poudaril, da se je monografija dolgo rojevala in da je rezultat ve\u010dletnega znanstvenega dela vrhunskih poznavalcev [&hellip;]"}